{"id":8552,"date":"2026-03-16T10:41:51","date_gmt":"2026-03-16T10:41:51","guid":{"rendered":"https:\/\/zspilica.pl\/?page_id=8552"},"modified":"2026-07-02T09:23:08","modified_gmt":"2026-07-02T09:23:08","slug":"jubileusz","status":"publish","type":"page","link":"https:\/\/zspilica.pl\/index.php\/jubileusz\/","title":{"rendered":"Jubileusz"},"content":{"rendered":"\t\t<div data-elementor-type=\"wp-page\" data-elementor-id=\"8552\" class=\"elementor elementor-8552\" data-elementor-settings=\"[]\">\n\t\t\t\t\t\t\t<div class=\"elementor-section-wrap\">\n\t\t\t\t\t\t\t<section class=\"elementor-section elementor-top-section elementor-element elementor-element-b6f3eda elementor-section-boxed elementor-section-height-default elementor-section-height-default\" data-id=\"b6f3eda\" data-element_type=\"section\">\n\t\t\t\t\t\t<div class=\"elementor-container elementor-column-gap-default\">\n\t\t\t\t\t<div class=\"elementor-column elementor-col-100 elementor-top-column elementor-element elementor-element-d1a2fcc\" data-id=\"d1a2fcc\" data-element_type=\"column\">\n\t\t\t<div class=\"elementor-widget-wrap elementor-element-populated\">\n\t\t\t\t\t\t\t\t<div class=\"elementor-element elementor-element-7db9424 elementor-widget elementor-widget-text-editor\" data-id=\"7db9424\" data-element_type=\"widget\" data-widget_type=\"text-editor.default\">\n\t\t\t\t<div class=\"elementor-widget-container\">\n\t\t\t<style>\/*! elementor - v3.5.6 - 28-02-2022 *\/\n.elementor-widget-text-editor.elementor-drop-cap-view-stacked .elementor-drop-cap{background-color:#818a91;color:#fff}.elementor-widget-text-editor.elementor-drop-cap-view-framed .elementor-drop-cap{color:#818a91;border:3px solid;background-color:transparent}.elementor-widget-text-editor:not(.elementor-drop-cap-view-default) .elementor-drop-cap{margin-top:8px}.elementor-widget-text-editor:not(.elementor-drop-cap-view-default) .elementor-drop-cap-letter{width:1em;height:1em}.elementor-widget-text-editor .elementor-drop-cap{float:left;text-align:center;line-height:1;font-size:50px}.elementor-widget-text-editor .elementor-drop-cap-letter{display:inline-block}<\/style>\t\t\t\t<p class=\"paragraph\" style=\"vertical-align: baseline; text-align: center;\"><span style=\"font-family: verdana, geneva, sans-serif; font-size: 12pt;\"><strong><span class=\"normaltextrun\">Szanowni Pa\u0144stwo, drodzy Uczniowie, Absolwenci szko\u0142y!<\/span><\/strong><span class=\"eop\">\u00a0<\/span><\/span><\/p><p class=\"paragraph\" style=\"vertical-align: baseline;\"><span class=\"normaltextrun\" style=\"font-family: verdana, geneva, sans-serif; font-size: 12pt;\">Z ogromn\u0105 rado\u015bci\u0105 i dum\u0105 zapraszamy do wsp\u00f3lnego \u015bwi\u0119towania wyj\u0105tkowego jubileuszu \u2013 <b>70-lecia naszego Liceum,<\/b> kt\u00f3re odb\u0119dzie si\u0119 <b>13 czerwca 2026 roku<\/b>.<\/span><\/p><p class=\"paragraph\" style=\"vertical-align: baseline;\"><span style=\"font-family: verdana, geneva, sans-serif; font-size: 12pt;\"><span class=\"normaltextrun\"> To niezwyk\u0142a okazja, by wspomnie\u0107 minione lata, przywo\u0142a\u0107 historie zapisane w murach szko\u0142y oraz spotka\u0107 si\u0119 w gronie uczni\u00f3w, absolwent\u00f3w, nauczycieli i przyjaci\u00f3\u0142 naszej spo\u0142eczno\u015bci.<\/span><span class=\"eop\">\u00a0\u00a0<\/span><span class=\"normaltextrun\">Siedem dekad to czas pe\u0142en wyzwa\u0144, sukces\u00f3w i zmian, ale przede wszystkim to lata budowania tradycji, przekazywania wiedzy i kszta\u0142towania kolejnych pokole\u0144 m\u0142odych ludzi. Wsp\u00f3lnie stworzyli\u015bmy miejsce, kt\u00f3re dla wielu sta\u0142o si\u0119 drugim domem.<\/span><span class=\"eop\">\u00a0<\/span><\/span><\/p><p class=\"paragraph\" style=\"vertical-align: baseline; text-align: center;\"><span style=\"font-family: verdana, geneva, sans-serif; font-size: 12pt;\"><span class=\"normaltextrun\">Serdecznie zapraszamy do udzia\u0142u w tej wyj\u0105tkowej uroczysto\u015bci \u2013 niech 13 czerwca b\u0119dzie dniem pe\u0142nym wspomnie\u0144, wzrusze\u0144 i radosnego \u015bwi\u0119towania.<\/span><span class=\"eop\">\u00a0<\/span><\/span><\/p>\t\t\t\t\t\t<\/div>\n\t\t\t\t<\/div>\n\t\t\t\t\t<\/div>\n\t\t<\/div>\n\t\t\t\t\t\t\t<\/div>\n\t\t<\/section>\n\t\t\t\t<section class=\"elementor-section elementor-top-section elementor-element elementor-element-15c956b elementor-section-boxed elementor-section-height-default elementor-section-height-default\" data-id=\"15c956b\" data-element_type=\"section\">\n\t\t\t\t\t\t<div class=\"elementor-container elementor-column-gap-default\">\n\t\t\t\t\t<div class=\"elementor-column elementor-col-100 elementor-top-column elementor-element elementor-element-b64e3e0\" data-id=\"b64e3e0\" data-element_type=\"column\">\n\t\t\t<div class=\"elementor-widget-wrap elementor-element-populated\">\n\t\t\t\t\t\t\t\t<div class=\"elementor-element elementor-element-331e1c8 elementor-widget elementor-widget-toggle\" data-id=\"331e1c8\" data-element_type=\"widget\" data-settings=\"{&quot;sticky&quot;:&quot;top&quot;,&quot;_animation&quot;:&quot;none&quot;,&quot;motion_fx_motion_fx_mouse&quot;:&quot;yes&quot;,&quot;sticky_on&quot;:[&quot;desktop&quot;,&quot;tablet&quot;,&quot;mobile&quot;],&quot;sticky_offset&quot;:0,&quot;sticky_effects_offset&quot;:0}\" data-widget_type=\"toggle.default\">\n\t\t\t\t<div class=\"elementor-widget-container\">\n\t\t\t<style>\/*! elementor - v3.5.6 - 28-02-2022 *\/\n.elementor-toggle{text-align:left}.elementor-toggle .elementor-tab-title{font-weight:700;line-height:1;margin:0;padding:15px;border-bottom:1px solid #d4d4d4;cursor:pointer;outline:none}.elementor-toggle .elementor-tab-title .elementor-toggle-icon{display:inline-block;width:1em}.elementor-toggle .elementor-tab-title .elementor-toggle-icon svg{-webkit-margin-start:-5px;margin-inline-start:-5px;width:1em;height:1em}.elementor-toggle .elementor-tab-title .elementor-toggle-icon.elementor-toggle-icon-right{float:right;text-align:right}.elementor-toggle .elementor-tab-title .elementor-toggle-icon.elementor-toggle-icon-left{float:left;text-align:left}.elementor-toggle .elementor-tab-title .elementor-toggle-icon .elementor-toggle-icon-closed{display:block}.elementor-toggle .elementor-tab-title .elementor-toggle-icon .elementor-toggle-icon-opened{display:none}.elementor-toggle .elementor-tab-title.elementor-active{border-bottom:none}.elementor-toggle .elementor-tab-title.elementor-active .elementor-toggle-icon-closed{display:none}.elementor-toggle .elementor-tab-title.elementor-active .elementor-toggle-icon-opened{display:block}.elementor-toggle .elementor-tab-content{padding:15px;border-bottom:1px solid #d4d4d4;display:none}@media (max-width:767px){.elementor-toggle .elementor-tab-title{padding:12px}.elementor-toggle .elementor-tab-content{padding:12px 10px}}<\/style>\t\t<div class=\"elementor-toggle\" role=\"tablist\">\n\t\t\t\t\t\t\t<div class=\"elementor-toggle-item\">\n\t\t\t\t\t<div id=\"elementor-tab-title-5361\" class=\"elementor-tab-title\" data-tab=\"1\" role=\"tab\" aria-controls=\"elementor-tab-content-5361\" aria-expanded=\"false\">\n\t\t\t\t\t\t\t\t\t\t\t\t<span class=\"elementor-toggle-icon elementor-toggle-icon-left\" aria-hidden=\"true\">\n\t\t\t\t\t\t\t\t\t\t\t\t\t\t\t<span class=\"elementor-toggle-icon-closed\"><i class=\"fas fa-caret-down\"><\/i><\/span>\n\t\t\t\t\t\t\t\t<span class=\"elementor-toggle-icon-opened\"><i class=\"elementor-toggle-icon-opened fas fa-arrow-right\"><\/i><\/span>\n\t\t\t\t\t\t\t\t\t\t\t\t\t<\/span>\n\t\t\t\t\t\t\t\t\t\t\t\t<a href=\"\" class=\"elementor-toggle-title\">Numer konta i dane do wp\u0142aty<\/a>\n\t\t\t\t\t<\/div>\n\n\t\t\t\t\t<div id=\"elementor-tab-content-5361\" class=\"elementor-tab-content elementor-clearfix\" data-tab=\"1\" role=\"tabpanel\" aria-labelledby=\"elementor-tab-title-5361\"><hr \/><h6><span style=\"font-family: verdana, geneva, sans-serif; font-size: 12pt;\">Na zebraniu Komitetu Organizacyjnego ustalono sk\u0142adk\u0119\u00a0 w wysoko\u015bci 200 z\u0142.<\/span><\/h6><h6><span style=\"font-size: 12pt;\"><strong><span style=\"font-family: verdana, geneva, sans-serif;\"><u>W kwocie tej przewiduje si\u0119:<\/u><\/span><\/strong><\/span><\/h6><h6><span style=\"font-family: verdana, geneva, sans-serif; font-size: 12pt;\">-koszty zakupu pami\u0105tkowej ksi\u0105\u017cki o patronce szko\u0142y Kr\u00f3lowej El\u017cbiecie z Pilczy w Pilicy,<\/span><br \/><span style=\"font-family: verdana, geneva, sans-serif; font-size: 12pt;\">-koszty pocz\u0119stunku dla uczestnik\u00f3w zjazdu oraz oprawy muzycznej,<\/span><br \/><span style=\"font-family: verdana, geneva, sans-serif; font-size: 12pt;\">-zakup souvenir\u00f3w i kwiat\u00f3w dla zaproszonych go\u015bci,<\/span><br \/><span style=\"font-family: verdana, geneva, sans-serif; font-size: 12pt;\">-wydatki organizacyjne (identyfikatory, media, koszty bankowe, zdj\u0119cia, zaproszenia\u2026\u2026.)<\/span><\/h6><h5><span style=\"font-size: 12pt;\"><strong><span style=\"font-family: verdana, geneva, sans-serif;\"><u>Wp\u0142aty mo\u017cna dokonywa\u0107 na konto:<\/u><\/span><\/strong><\/span><\/h5><h5><span style=\"font-family: verdana, geneva, sans-serif; font-size: 12pt;\">BANK SP\u00d3\u0141DZIELCZY WOLBROM ODDZIA\u0141 W PILICY<\/span><\/h5><h5><span style=\"font-family: verdana, geneva, sans-serif; font-size: 12pt;\">NR 70 84500005 0040 0400 0071 0005<\/span><\/h5><h5><span style=\"font-family: verdana, geneva, sans-serif; font-size: 12pt;\">z dopiskiem \u2013 ,, Jubileusz 70-lecia LO w Pilicy\u201d<\/span><\/h5><h5><span style=\"font-family: verdana, geneva, sans-serif; font-size: 12pt;\">w terminie do\u00a0<u>15 maja 2026 r.<\/u><\/span><\/h5><h5><span style=\"font-family: verdana, geneva, sans-serif; font-size: 12pt;\">Bardzo prosimy o wpisywanie w tre\u015bci przelewu:<\/span><\/h5><h5><span style=\"font-family: verdana, geneva, sans-serif; font-size: 12pt;\"><strong><em>imi\u0119, nazwisko, nazwisko rodowe i rok uko\u0144czenia szko\u0142y.<\/em><\/strong><\/span><\/h5><h5><span style=\"font-family: verdana, geneva, sans-serif; font-size: 12pt;\">Je\u017celi kto\u015b z absolwent\u00f3w Liceum ma \u017cyczenie wesprze\u0107 Komitet Organizacyjny wp\u0142at\u0105 wi\u0119ksz\u0105 ni\u017c przewidywana to z wdzi\u0119czno\u015bci\u0105 przyjmiemy.<\/span><\/h5><\/div>\n\t\t\t\t<\/div>\n\t\t\t\t\t\t\t<div class=\"elementor-toggle-item\">\n\t\t\t\t\t<div id=\"elementor-tab-title-5362\" class=\"elementor-tab-title\" data-tab=\"2\" role=\"tab\" aria-controls=\"elementor-tab-content-5362\" aria-expanded=\"false\">\n\t\t\t\t\t\t\t\t\t\t\t\t<span class=\"elementor-toggle-icon elementor-toggle-icon-left\" aria-hidden=\"true\">\n\t\t\t\t\t\t\t\t\t\t\t\t\t\t\t<span class=\"elementor-toggle-icon-closed\"><i class=\"fas fa-caret-down\"><\/i><\/span>\n\t\t\t\t\t\t\t\t<span class=\"elementor-toggle-icon-opened\"><i class=\"elementor-toggle-icon-opened fas fa-arrow-right\"><\/i><\/span>\n\t\t\t\t\t\t\t\t\t\t\t\t\t<\/span>\n\t\t\t\t\t\t\t\t\t\t\t\t<a href=\"\" class=\"elementor-toggle-title\">Program zjazdu<\/a>\n\t\t\t\t\t<\/div>\n\n\t\t\t\t\t<div id=\"elementor-tab-content-5362\" class=\"elementor-tab-content elementor-clearfix\" data-tab=\"2\" role=\"tabpanel\" aria-labelledby=\"elementor-tab-title-5362\"><hr \/><h5><span style=\"font-size: 12pt; font-family: verdana, geneva, sans-serif;\">&#8211;\u00a0 godz.14.00- Msza \u015awi\u0119ta w Ko\u015bciele pw. \u015bw. Jana Chrzciciela i \u015bw. Jana Ewangelisty w Pilicy<\/span><\/h5><h5><span style=\"font-size: 12pt; font-family: verdana, geneva, sans-serif;\">&#8211; ok. godz. 15.00-15.30 przej\u015bcie do Liceum, ul. Zamkowa 7<\/span><\/h5><h5><span style=\"font-size: 12pt; font-family: verdana, geneva, sans-serif;\">&#8211; 15.30 &#8211; 17.00 cz\u0119\u015b\u0107 oficjalna- aula szko\u0142y\u00a0:<\/span><br \/><span style=\"font-size: 12pt; font-family: verdana, geneva, sans-serif;\">\u00a0\u00a0\u00a0\u00a0\u00a0 \u00a0\u00a0\u00a0\u00a0\u00a0\u00a0\u00a0\u00a0\u00a0\u00a0\u00a0 &#8211; powitanie nauczycieli i absolwent\u00f3w przez obecnego dyrektora\u00a0<\/span><br \/><span style=\"font-size: 12pt; font-family: verdana, geneva, sans-serif;\">\u00a0\u00a0\u00a0\u00a0\u00a0 \u00a0\u00a0\u00a0\u00a0\u00a0\u00a0\u00a0\u00a0\u00a0\u00a0\u00a0 &#8211; szko\u0142a dawniej i dzi\u015b, cz\u0119\u015b\u0107 wspomnieniowo-informacyjna (prezentacja multimedialna)\u00a0<\/span><br \/><span style=\"font-size: 12pt; font-family: verdana, geneva, sans-serif;\">\u00a0\u00a0\u00a0\u00a0\u00a0 \u00a0\u00a0\u00a0\u00a0\u00a0\u00a0\u00a0\u00a0\u00a0\u00a0\u00a0 &#8211; program artystyczny\u00a0<\/span><br \/><span style=\"font-size: 12pt; font-family: verdana, geneva, sans-serif;\">&#8211; po zako\u0144czeniu cz\u0119\u015bci oficjalnej zwiedzanie starego i nowego budynku szko\u0142y, a nast\u0119pnie wsp\u00f3lna impreza plenerowa po\u0142\u0105czona z zabaw\u0105 taneczn\u0105.\u00a0<\/span><\/h5><h5><span style=\"font-size: 12pt; font-family: verdana, geneva, sans-serif;\"><strong>W szkole w dniu 13.06.2026 r. w godzinach 13:00 \u2013 15:00 b\u0119dzie dzia\u0142a\u0142 punkt informacyjny!<\/strong>\u202f<\/span><\/h5><h5><span style=\"font-size: 12pt; font-family: verdana, geneva, sans-serif;\">Uczestnicy zjazdu otrzymaj\u0105 identyfikatory, program zjazdu, gad\u017cety oraz wpisz\u0105 si\u0119 do ksi\u0119gi pami\u0105tkowej.\u00a0<\/span><\/h5><h5><span style=\"font-size: 12pt; font-family: verdana, geneva, sans-serif;\">Do zobaczenia!\u00a0<\/span><\/h5><\/div>\n\t\t\t\t<\/div>\n\t\t\t\t\t\t\t<div class=\"elementor-toggle-item\">\n\t\t\t\t\t<div id=\"elementor-tab-title-5363\" class=\"elementor-tab-title\" data-tab=\"3\" role=\"tab\" aria-controls=\"elementor-tab-content-5363\" aria-expanded=\"false\">\n\t\t\t\t\t\t\t\t\t\t\t\t<span class=\"elementor-toggle-icon elementor-toggle-icon-left\" aria-hidden=\"true\">\n\t\t\t\t\t\t\t\t\t\t\t\t\t\t\t<span class=\"elementor-toggle-icon-closed\"><i class=\"fas fa-caret-down\"><\/i><\/span>\n\t\t\t\t\t\t\t\t<span class=\"elementor-toggle-icon-opened\"><i class=\"elementor-toggle-icon-opened fas fa-arrow-right\"><\/i><\/span>\n\t\t\t\t\t\t\t\t\t\t\t\t\t<\/span>\n\t\t\t\t\t\t\t\t\t\t\t\t<a href=\"\" class=\"elementor-toggle-title\">Komitet organizacyjny<\/a>\n\t\t\t\t\t<\/div>\n\n\t\t\t\t\t<div id=\"elementor-tab-content-5363\" class=\"elementor-tab-content elementor-clearfix\" data-tab=\"3\" role=\"tabpanel\" aria-labelledby=\"elementor-tab-title-5363\"><hr \/><p><span style=\"font-size: 12pt; font-family: verdana, geneva, sans-serif;\"><em>Renata Kowalczyk<\/em><\/span><br \/><span style=\"font-size: 12pt; font-family: verdana, geneva, sans-serif;\"><em>Iwona Kura\u015b<\/em><\/span><br \/><span style=\"font-size: 12pt; font-family: verdana, geneva, sans-serif;\"><em>Ma\u0142gorzata Kabalska<\/em><\/span><br \/><span style=\"font-size: 12pt; font-family: verdana, geneva, sans-serif;\"><em>Ma\u0142gorzata Sularz<\/em><\/span><br \/><span style=\"font-size: 12pt; font-family: verdana, geneva, sans-serif;\"><em>Dariusz Jaworski<\/em><\/span><br \/><span style=\"font-size: 12pt; font-family: verdana, geneva, sans-serif;\"><em>Karina Fryc<\/em><\/span><br \/><span style=\"font-size: 12pt; font-family: verdana, geneva, sans-serif;\"><em>Leszek Sobota<\/em><\/span><br \/><span style=\"font-size: 12pt; font-family: verdana, geneva, sans-serif;\"><em>Irmina Lidwin<\/em><\/span><br \/><span style=\"font-size: 12pt; font-family: verdana, geneva, sans-serif;\"><em>Alicja Goncerz<\/em><\/span><br \/><span style=\"font-size: 12pt; font-family: verdana, geneva, sans-serif;\"><em>Andrzej Goncerz<\/em><\/span><\/p><\/div>\n\t\t\t\t<\/div>\n\t\t\t\t\t\t\t<div class=\"elementor-toggle-item\">\n\t\t\t\t\t<div id=\"elementor-tab-title-5364\" class=\"elementor-tab-title\" data-tab=\"4\" role=\"tab\" aria-controls=\"elementor-tab-content-5364\" aria-expanded=\"false\">\n\t\t\t\t\t\t\t\t\t\t\t\t<span class=\"elementor-toggle-icon elementor-toggle-icon-left\" aria-hidden=\"true\">\n\t\t\t\t\t\t\t\t\t\t\t\t\t\t\t<span class=\"elementor-toggle-icon-closed\"><i class=\"fas fa-caret-down\"><\/i><\/span>\n\t\t\t\t\t\t\t\t<span class=\"elementor-toggle-icon-opened\"><i class=\"elementor-toggle-icon-opened fas fa-arrow-right\"><\/i><\/span>\n\t\t\t\t\t\t\t\t\t\t\t\t\t<\/span>\n\t\t\t\t\t\t\t\t\t\t\t\t<a href=\"\" class=\"elementor-toggle-title\">Punkty noclegowe<\/a>\n\t\t\t\t\t<\/div>\n\n\t\t\t\t\t<div id=\"elementor-tab-content-5364\" class=\"elementor-tab-content elementor-clearfix\" data-tab=\"4\" role=\"tabpanel\" aria-labelledby=\"elementor-tab-title-5364\"><hr \/><h6>\u00a0<\/h6><h6><a href=\"https:\/\/podkolumnami.pl\/\">Pod kolumnami<\/a><\/h6><h6><a href=\"http:\/\/willauzrodel.pl\/\">Willa u \u017ar\u00f3de\u0142<\/a><\/h6><\/div>\n\t\t\t\t<\/div>\n\t\t\t\t\t\t\t<div class=\"elementor-toggle-item\">\n\t\t\t\t\t<div id=\"elementor-tab-title-5365\" class=\"elementor-tab-title\" data-tab=\"5\" role=\"tab\" aria-controls=\"elementor-tab-content-5365\" aria-expanded=\"false\">\n\t\t\t\t\t\t\t\t\t\t\t\t<span class=\"elementor-toggle-icon elementor-toggle-icon-left\" aria-hidden=\"true\">\n\t\t\t\t\t\t\t\t\t\t\t\t\t\t\t<span class=\"elementor-toggle-icon-closed\"><i class=\"fas fa-caret-down\"><\/i><\/span>\n\t\t\t\t\t\t\t\t<span class=\"elementor-toggle-icon-opened\"><i class=\"elementor-toggle-icon-opened fas fa-arrow-right\"><\/i><\/span>\n\t\t\t\t\t\t\t\t\t\t\t\t\t<\/span>\n\t\t\t\t\t\t\t\t\t\t\t\t<a href=\"\" class=\"elementor-toggle-title\">Wspomnienia ukryte w fotografiach<\/a>\n\t\t\t\t\t<\/div>\n\n\t\t\t\t\t<div id=\"elementor-tab-content-5365\" class=\"elementor-tab-content elementor-clearfix\" data-tab=\"5\" role=\"tabpanel\" aria-labelledby=\"elementor-tab-title-5365\"><p><a href=\"https:\/\/photos.app.goo.gl\/xkj5EajiN9Da3V5j9\"><img loading=\"lazy\" decoding=\"async\" class=\"wp-image-8861 size-medium alignleft\" src=\"https:\/\/zspilica.pl\/wp-content\/uploads\/2026\/03\/Liceum-Ogolnoksztalcace-im.-Krolowej-Elzbiety-z-Pilczy-w-Pilicy-4-300x300.png\" alt=\"\" width=\"300\" height=\"300\" srcset=\"https:\/\/zspilica.pl\/wp-content\/uploads\/2026\/03\/Liceum-Ogolnoksztalcace-im.-Krolowej-Elzbiety-z-Pilczy-w-Pilicy-4-300x300.png 300w, https:\/\/zspilica.pl\/wp-content\/uploads\/2026\/03\/Liceum-Ogolnoksztalcace-im.-Krolowej-Elzbiety-z-Pilczy-w-Pilicy-4-1024x1024.png 1024w, https:\/\/zspilica.pl\/wp-content\/uploads\/2026\/03\/Liceum-Ogolnoksztalcace-im.-Krolowej-Elzbiety-z-Pilczy-w-Pilicy-4-150x150.png 150w, https:\/\/zspilica.pl\/wp-content\/uploads\/2026\/03\/Liceum-Ogolnoksztalcace-im.-Krolowej-Elzbiety-z-Pilczy-w-Pilicy-4-768x768.png 768w, https:\/\/zspilica.pl\/wp-content\/uploads\/2026\/03\/Liceum-Ogolnoksztalcace-im.-Krolowej-Elzbiety-z-Pilczy-w-Pilicy-4-1536x1536.png 1536w, https:\/\/zspilica.pl\/wp-content\/uploads\/2026\/03\/Liceum-Ogolnoksztalcace-im.-Krolowej-Elzbiety-z-Pilczy-w-Pilicy-4-90x90.png 90w, https:\/\/zspilica.pl\/wp-content\/uploads\/2026\/03\/Liceum-Ogolnoksztalcace-im.-Krolowej-Elzbiety-z-Pilczy-w-Pilicy-4-670x670.png 670w, https:\/\/zspilica.pl\/wp-content\/uploads\/2026\/03\/Liceum-Ogolnoksztalcace-im.-Krolowej-Elzbiety-z-Pilczy-w-Pilicy-4.png 2000w\" sizes=\"auto, (max-width: 300px) 100vw, 300px\" \/><\/a>\u00a0<a href=\"https:\/\/goo.gl\/photos\/MxfetTutDgZQG4uU9\"><img loading=\"lazy\" decoding=\"async\" class=\"wp-image-8890 size-medium alignleft\" src=\"https:\/\/zspilica.pl\/wp-content\/uploads\/2026\/03\/Liceum-Ogolnoksztalcace-im.-Krolowej-Elzbiety-z-Pilczy-w-Pilicy-6-300x300.png\" alt=\"\" width=\"300\" height=\"300\" srcset=\"https:\/\/zspilica.pl\/wp-content\/uploads\/2026\/03\/Liceum-Ogolnoksztalcace-im.-Krolowej-Elzbiety-z-Pilczy-w-Pilicy-6-300x300.png 300w, https:\/\/zspilica.pl\/wp-content\/uploads\/2026\/03\/Liceum-Ogolnoksztalcace-im.-Krolowej-Elzbiety-z-Pilczy-w-Pilicy-6-1024x1024.png 1024w, https:\/\/zspilica.pl\/wp-content\/uploads\/2026\/03\/Liceum-Ogolnoksztalcace-im.-Krolowej-Elzbiety-z-Pilczy-w-Pilicy-6-150x150.png 150w, https:\/\/zspilica.pl\/wp-content\/uploads\/2026\/03\/Liceum-Ogolnoksztalcace-im.-Krolowej-Elzbiety-z-Pilczy-w-Pilicy-6-768x768.png 768w, https:\/\/zspilica.pl\/wp-content\/uploads\/2026\/03\/Liceum-Ogolnoksztalcace-im.-Krolowej-Elzbiety-z-Pilczy-w-Pilicy-6-1536x1536.png 1536w, https:\/\/zspilica.pl\/wp-content\/uploads\/2026\/03\/Liceum-Ogolnoksztalcace-im.-Krolowej-Elzbiety-z-Pilczy-w-Pilicy-6-90x90.png 90w, https:\/\/zspilica.pl\/wp-content\/uploads\/2026\/03\/Liceum-Ogolnoksztalcace-im.-Krolowej-Elzbiety-z-Pilczy-w-Pilicy-6-670x670.png 670w, https:\/\/zspilica.pl\/wp-content\/uploads\/2026\/03\/Liceum-Ogolnoksztalcace-im.-Krolowej-Elzbiety-z-Pilczy-w-Pilicy-6.png 2000w\" sizes=\"auto, (max-width: 300px) 100vw, 300px\" \/><\/a><a href=\"https:\/\/goo.gl\/photos\/jSBqPH2FcrJRhGLa7\"><img loading=\"lazy\" decoding=\"async\" class=\"wp-image-8868 size-medium alignleft\" src=\"https:\/\/zspilica.pl\/wp-content\/uploads\/2026\/03\/Liceum-Ogolnoksztalcace-im.-Krolowej-Elzbiety-z-Pilczy-w-Pilicy-3-300x300.png\" alt=\"\" width=\"300\" height=\"300\" srcset=\"https:\/\/zspilica.pl\/wp-content\/uploads\/2026\/03\/Liceum-Ogolnoksztalcace-im.-Krolowej-Elzbiety-z-Pilczy-w-Pilicy-3-300x300.png 300w, https:\/\/zspilica.pl\/wp-content\/uploads\/2026\/03\/Liceum-Ogolnoksztalcace-im.-Krolowej-Elzbiety-z-Pilczy-w-Pilicy-3-1024x1024.png 1024w, https:\/\/zspilica.pl\/wp-content\/uploads\/2026\/03\/Liceum-Ogolnoksztalcace-im.-Krolowej-Elzbiety-z-Pilczy-w-Pilicy-3-150x150.png 150w, https:\/\/zspilica.pl\/wp-content\/uploads\/2026\/03\/Liceum-Ogolnoksztalcace-im.-Krolowej-Elzbiety-z-Pilczy-w-Pilicy-3-768x768.png 768w, https:\/\/zspilica.pl\/wp-content\/uploads\/2026\/03\/Liceum-Ogolnoksztalcace-im.-Krolowej-Elzbiety-z-Pilczy-w-Pilicy-3-1536x1536.png 1536w, https:\/\/zspilica.pl\/wp-content\/uploads\/2026\/03\/Liceum-Ogolnoksztalcace-im.-Krolowej-Elzbiety-z-Pilczy-w-Pilicy-3-90x90.png 90w, https:\/\/zspilica.pl\/wp-content\/uploads\/2026\/03\/Liceum-Ogolnoksztalcace-im.-Krolowej-Elzbiety-z-Pilczy-w-Pilicy-3-670x670.png 670w, https:\/\/zspilica.pl\/wp-content\/uploads\/2026\/03\/Liceum-Ogolnoksztalcace-im.-Krolowej-Elzbiety-z-Pilczy-w-Pilicy-3.png 2000w\" sizes=\"auto, (max-width: 300px) 100vw, 300px\" \/><\/a><\/p><\/div>\n\t\t\t\t<\/div>\n\t\t\t\t\t\t\t<div class=\"elementor-toggle-item\">\n\t\t\t\t\t<div id=\"elementor-tab-title-5366\" class=\"elementor-tab-title\" data-tab=\"6\" role=\"tab\" aria-controls=\"elementor-tab-content-5366\" aria-expanded=\"false\">\n\t\t\t\t\t\t\t\t\t\t\t\t<span class=\"elementor-toggle-icon elementor-toggle-icon-left\" aria-hidden=\"true\">\n\t\t\t\t\t\t\t\t\t\t\t\t\t\t\t<span class=\"elementor-toggle-icon-closed\"><i class=\"fas fa-caret-down\"><\/i><\/span>\n\t\t\t\t\t\t\t\t<span class=\"elementor-toggle-icon-opened\"><i class=\"elementor-toggle-icon-opened fas fa-arrow-right\"><\/i><\/span>\n\t\t\t\t\t\t\t\t\t\t\t\t\t<\/span>\n\t\t\t\t\t\t\t\t\t\t\t\t<a href=\"\" class=\"elementor-toggle-title\">Zdj\u0119cia ze zjazdu<\/a>\n\t\t\t\t\t<\/div>\n\n\t\t\t\t\t<div id=\"elementor-tab-content-5366\" class=\"elementor-tab-content elementor-clearfix\" data-tab=\"6\" role=\"tabpanel\" aria-labelledby=\"elementor-tab-title-5366\"><hr \/><p style=\"text-align: left;\"><a href=\"https:\/\/goo.gl\/photos\/1jQ2mZAw2B3AvHMA8\"><img loading=\"lazy\" decoding=\"async\" class=\"alignnone wp-image-8855 size-medium\" src=\"https:\/\/zspilica.pl\/wp-content\/uploads\/2026\/03\/Liceum-Ogolnoksztalcace-im.-Krolowej-Elzbiety-z-Pilczy-w-Pilicy-2-300x300.png\" alt=\"\" width=\"300\" height=\"300\" srcset=\"https:\/\/zspilica.pl\/wp-content\/uploads\/2026\/03\/Liceum-Ogolnoksztalcace-im.-Krolowej-Elzbiety-z-Pilczy-w-Pilicy-2-300x300.png 300w, https:\/\/zspilica.pl\/wp-content\/uploads\/2026\/03\/Liceum-Ogolnoksztalcace-im.-Krolowej-Elzbiety-z-Pilczy-w-Pilicy-2-1024x1024.png 1024w, https:\/\/zspilica.pl\/wp-content\/uploads\/2026\/03\/Liceum-Ogolnoksztalcace-im.-Krolowej-Elzbiety-z-Pilczy-w-Pilicy-2-150x150.png 150w, https:\/\/zspilica.pl\/wp-content\/uploads\/2026\/03\/Liceum-Ogolnoksztalcace-im.-Krolowej-Elzbiety-z-Pilczy-w-Pilicy-2-768x768.png 768w, https:\/\/zspilica.pl\/wp-content\/uploads\/2026\/03\/Liceum-Ogolnoksztalcace-im.-Krolowej-Elzbiety-z-Pilczy-w-Pilicy-2-1536x1536.png 1536w, https:\/\/zspilica.pl\/wp-content\/uploads\/2026\/03\/Liceum-Ogolnoksztalcace-im.-Krolowej-Elzbiety-z-Pilczy-w-Pilicy-2-90x90.png 90w, https:\/\/zspilica.pl\/wp-content\/uploads\/2026\/03\/Liceum-Ogolnoksztalcace-im.-Krolowej-Elzbiety-z-Pilczy-w-Pilicy-2-670x670.png 670w, https:\/\/zspilica.pl\/wp-content\/uploads\/2026\/03\/Liceum-Ogolnoksztalcace-im.-Krolowej-Elzbiety-z-Pilczy-w-Pilicy-2.png 2000w\" sizes=\"auto, (max-width: 300px) 100vw, 300px\" \/><\/a><a href=\"https:\/\/photos.app.goo.gl\/SwjWmbeM4FiJynHEA\"><img loading=\"lazy\" decoding=\"async\" class=\"alignnone wp-image-8848 size-medium\" src=\"https:\/\/zspilica.pl\/wp-content\/uploads\/2026\/03\/Liceum-Ogolnoksztalcace-im.-Krolowej-Elzbiety-z-Pilczy-w-Pilicy-300x300.png\" alt=\"\" width=\"300\" height=\"300\" srcset=\"https:\/\/zspilica.pl\/wp-content\/uploads\/2026\/03\/Liceum-Ogolnoksztalcace-im.-Krolowej-Elzbiety-z-Pilczy-w-Pilicy-300x300.png 300w, https:\/\/zspilica.pl\/wp-content\/uploads\/2026\/03\/Liceum-Ogolnoksztalcace-im.-Krolowej-Elzbiety-z-Pilczy-w-Pilicy-1024x1024.png 1024w, https:\/\/zspilica.pl\/wp-content\/uploads\/2026\/03\/Liceum-Ogolnoksztalcace-im.-Krolowej-Elzbiety-z-Pilczy-w-Pilicy-150x150.png 150w, https:\/\/zspilica.pl\/wp-content\/uploads\/2026\/03\/Liceum-Ogolnoksztalcace-im.-Krolowej-Elzbiety-z-Pilczy-w-Pilicy-768x768.png 768w, https:\/\/zspilica.pl\/wp-content\/uploads\/2026\/03\/Liceum-Ogolnoksztalcace-im.-Krolowej-Elzbiety-z-Pilczy-w-Pilicy-1536x1536.png 1536w, https:\/\/zspilica.pl\/wp-content\/uploads\/2026\/03\/Liceum-Ogolnoksztalcace-im.-Krolowej-Elzbiety-z-Pilczy-w-Pilicy-90x90.png 90w, https:\/\/zspilica.pl\/wp-content\/uploads\/2026\/03\/Liceum-Ogolnoksztalcace-im.-Krolowej-Elzbiety-z-Pilczy-w-Pilicy-670x670.png 670w, https:\/\/zspilica.pl\/wp-content\/uploads\/2026\/03\/Liceum-Ogolnoksztalcace-im.-Krolowej-Elzbiety-z-Pilczy-w-Pilicy.png 2000w\" sizes=\"auto, (max-width: 300px) 100vw, 300px\" \/><\/a><\/p><\/div>\n\t\t\t\t<\/div>\n\t\t\t\t\t\t\t\t<\/div>\n\t\t\t\t<\/div>\n\t\t\t\t<\/div>\n\t\t\t\t\t<\/div>\n\t\t<\/div>\n\t\t\t\t\t\t\t<\/div>\n\t\t<\/section>\n\t\t\t\t<section class=\"elementor-section elementor-top-section elementor-element elementor-element-1df6187 elementor-section-boxed elementor-section-height-default elementor-section-height-default\" data-id=\"1df6187\" data-element_type=\"section\">\n\t\t\t\t\t\t<div class=\"elementor-container elementor-column-gap-default\">\n\t\t\t\t\t<div class=\"elementor-column elementor-col-100 elementor-top-column elementor-element elementor-element-08b8512\" data-id=\"08b8512\" data-element_type=\"column\">\n\t\t\t<div class=\"elementor-widget-wrap\">\n\t\t\t\t\t\t\t\t\t<\/div>\n\t\t<\/div>\n\t\t\t\t\t\t\t<\/div>\n\t\t<\/section>\n\t\t\t\t\t\t<\/div>\n\t\t\t\t\t<\/div>\n\t\t","protected":false},"excerpt":{"rendered":"<p>Szanowni Pa\u0144stwo, drodzy Uczniowie, Absolwenci szko\u0142y!\u00a0 Z ogromn\u0105 rado\u015bci\u0105 i dum\u0105 zapraszamy do wsp\u00f3lnego \u015bwi\u0119towania wyj\u0105tkowego jubileuszu \u2013 70-lecia naszego Liceum, kt\u00f3re odb\u0119dzie si\u0119 13 czerwca 2026 roku. To niezwyk\u0142a okazja, by wspomnie\u0107 minione lata, przywo\u0142a\u0107 historie zapisane w murach szko\u0142y oraz spotka\u0107 si\u0119 w gronie uczni\u00f3w, absolwent\u00f3w, nauczycieli i [&hellip;]<\/p>\n","protected":false},"author":3,"featured_media":0,"parent":0,"menu_order":0,"comment_status":"closed","ping_status":"closed","template":"","meta":{"ngg_post_thumbnail":0,"footnotes":""},"class_list":["post-8552","page","type-page","status-publish","hentry"],"_links":{"self":[{"href":"https:\/\/zspilica.pl\/index.php\/wp-json\/wp\/v2\/pages\/8552","targetHints":{"allow":["GET"]}}],"collection":[{"href":"https:\/\/zspilica.pl\/index.php\/wp-json\/wp\/v2\/pages"}],"about":[{"href":"https:\/\/zspilica.pl\/index.php\/wp-json\/wp\/v2\/types\/page"}],"author":[{"embeddable":true,"href":"https:\/\/zspilica.pl\/index.php\/wp-json\/wp\/v2\/users\/3"}],"replies":[{"embeddable":true,"href":"https:\/\/zspilica.pl\/index.php\/wp-json\/wp\/v2\/comments?post=8552"}],"version-history":[{"count":276,"href":"https:\/\/zspilica.pl\/index.php\/wp-json\/wp\/v2\/pages\/8552\/revisions"}],"predecessor-version":[{"id":9096,"href":"https:\/\/zspilica.pl\/index.php\/wp-json\/wp\/v2\/pages\/8552\/revisions\/9096"}],"wp:attachment":[{"href":"https:\/\/zspilica.pl\/index.php\/wp-json\/wp\/v2\/media?parent=8552"}],"curies":[{"name":"wp","href":"https:\/\/api.w.org\/{rel}","templated":true}]}}